{"id":201,"date":"2023-04-11T17:09:11","date_gmt":"2023-04-11T15:09:11","guid":{"rendered":"https:\/\/ambbratislava.esteri.it\/news\/"},"modified":"2024-01-09T16:58:25","modified_gmt":"2024-01-09T15:58:25","slug":"news","status":"publish","type":"page","link":"https:\/\/ambbratislava.esteri.it\/sk\/news\/","title":{"rendered":"Oznamy"},"content":{"rendered":"        <div class=\"row\">\n\t\t\t<!-- Ricerca sedi post -->\n\t\t\t<div class=\"col-12 mt-4\">\n\t\t\t  <div class=\"callout callout-highlight note ricerca-esteri p-4\">\n                    <div class=\"callout-title\">\n                        <svg class=\"icon\">\n                            <use xlink:href=\"https:\/\/ambbratislava.esteri.it\/wp-content\/themes\/sedi-tema\/assets\/svg\/sprites.svg#it-search\"><\/use>\n                        <\/svg>Zadajte Krit\u00e9ri\u00e1 Vyh\u013ead\u00e1vania                    <\/div>\n                    <form id=\"searchFormPost\" name=\"form-search-post\" class=\"form-row align-items-center\" action=\"https:\/\/ambbratislava.esteri.it\/sk\/wp-json\/wp\/v2\/pages\/201\/\" method=\"GET\"> \n                        <!-- <div class=\"form-group pt-5\"> -->\n                            <!-- <input type=\"hidden\" id=\"lang\" name=\"lang\" value=\"\"> --> <!-- <\/div> -->\n\n                        <div class=\"it-datepicker-wrapper\">\n                            <div class=\"row\">\n                                <div class=\"form-group col-md-6\">\n                                    <label class=\"active\" for=\"date-init\">Od<\/label>\n                                    <input class=\"form-control\" name=\"date-init\" id=\"date-init\" type=\"date\" placeholder=\"gg\/mm\/aaaa\" value=\"\"lang=\"en-EN\">  \n                                <\/div>\n                                <div class=\"form-group col-md-6\">\n                                    <label class=\"active\" for=\"date-end\">Do<\/label>\n                                    <input class=\"form-control\" name=\"date-end\" id=\"date-end\" type=\"date\" placeholder=\"gg\/mm\/aaaa\" value=\"\">\n                                <\/div>\n                            <\/div>\n                        <\/div>\n                        <div class=\"form-group col-md-12 mt-3\">\n                            <label for=\"searchText\">Vo\u013en\u00e9 vyh\u013ead\u00e1vacie pole<\/label>\n                            <input type=\"text\" name=\"searchText\" class=\"form-control\" id=\"searchText\" value=\"\">\n                        <\/div>\n                        <div class=\"form-group col-md-4 offset-md-8 text-end\">\n                            <a href=\"https:\/\/ambbratislava.esteri.it\/sk\/news\/\" title=\"Form reset\" id=\"resetImput\" class=\"btn btn-outline-primary btn-xs\">Reset<\/a>\n                            <button type=\"submit\" class=\"btn btn-primary btn-xs\">Zobrazi\u0165 v\u00fdsledky<\/button>\n                        <\/div>\n                    <\/form>\n\t\t\t\t<\/div>\n\t\t\t<\/div>\n\t\t<\/div>\n                    \n            <div class=\"row\">\n                            <div class=\"col-12 mt-3\">\n                <!--start card-->\n                <div class=\"card-wrapper card-space\">\n                    <div class=\"card card-bg card-big border-bottom-card\">\n                        <div class=\"card-body \">\n                                                        <div class=\"category-top\">\n                                                                                                            <span class=\"\">\n                                        <svg class=\"icon icon-secondary\">\n                                            <use xlink:href=\"https:\/\/ambbratislava.esteri.it\/wp-content\/themes\/sedi-tema\/assets\/svg\/sprites.svg#it-calendar\"><\/use>\n                                        <\/svg> 23 apr\u00edla 2026                                    <\/span>\n                                                                    <\/div>\n                            <h5 class=\"card-title big-heading text-uppercase\"><a class=\"text-body text-decoration-none\" href=\"https:\/\/ambbratislava.esteri.it\/sk\/news\/dall_ambasciata\/2026\/04\/talianska-a-slovenska-kultura-na-spolocnej-scene-v-komarne\/\" title=\"Talianska a slovensk\u00e1 kult\u00fara na spolo\u010dnej sc\u00e9ne v Kom\u00e1rne.\">Talianska a slovensk\u00e1 kult\u00fara na spolo\u010dnej sc\u00e9ne v Kom\u00e1rne.<\/a><\/h5>\n                            <p class=\"card-text\">Talianska a slovensk\u00e1 kult\u00fara sa spojili po\u010das n\u00e1dhern\u00e9ho ve\u010dera, ktor\u00fd v Kom\u00e1rne zorganizovala mestsk\u00e1 samospr\u00e1va a divadeln\u00e1 skupina \u201eI ribelli di Komarno\u201c pod majstrovsk\u00fdm veden\u00edm Jozefa \u010cerneka, ktor\u00fd na\u0161tudoval muzik\u00e1l \u201eAni\u010dka, amore mio!\u201c, predstavenie zalo\u017een\u00e9 na skuto\u010dnom pr\u00edbehu l\u00e1sky medzi slovenskou diev\u010dinou a mlad\u00fdm Talianom na za\u010diatku minul\u00e9ho storo\u010dia. Miestne trad\u00edcie z Friuli a Slovenska [&hellip;]<\/p>\n                                <a title=\"Talianska a slovensk\u00e1 kult\u00fara na spolo\u010dnej sc\u00e9ne v Kom\u00e1rne.\" class=\"read-more\" href=\"https:\/\/ambbratislava.esteri.it\/sk\/news\/dall_ambasciata\/2026\/04\/talianska-a-slovenska-kultura-na-spolocnej-scene-v-komarne\/\">\n                                    <span class=\"text\">Viac<\/span>\n                                    <svg class=\"icon\">\n                                    <use xlink:href=\"https:\/\/ambbratislava.esteri.it\/wp-content\/themes\/sedi-tema\/assets\/svg\/sprites.svg#it-arrow-right\"><\/use>\n                                    <\/svg>\n                                <\/a>\n                                                    <\/div>\n                    <\/div>\n                <\/div>\n                <!--end card-->\n                <\/div><!-- col-12 .mt-3-->\n                            <div class=\"col-12 mt-3\">\n                <!--start card-->\n                <div class=\"card-wrapper card-space\">\n                    <div class=\"card card-bg card-big border-bottom-card\">\n                        <div class=\"card-body \">\n                                                        <div class=\"category-top\">\n                                                                                                            <span class=\"\">\n                                        <svg class=\"icon icon-secondary\">\n                                            <use xlink:href=\"https:\/\/ambbratislava.esteri.it\/wp-content\/themes\/sedi-tema\/assets\/svg\/sprites.svg#it-calendar\"><\/use>\n                                        <\/svg> 22 apr\u00edla 2026                                    <\/span>\n                                                                    <\/div>\n                            <h5 class=\"card-title big-heading text-uppercase\"><a class=\"text-body text-decoration-none\" href=\"https:\/\/ambbratislava.esteri.it\/sk\/news\/dall_ambasciata\/2026\/04\/9-rocnik-dna-talianskeho-vyskumu-vo-svete-stretnutie-velvyslanca-de-feliceho-s-predsedom-slovenskej-akademie-vied-prof-martinom-venhartom\/\" title=\"9. ro\u010dn\u00edk D\u0148a talianskeho v\u00fdskumu vo svete: stretnutie ve\u013evyslanca De Feliceho s predsedom Slovenskej akad\u00e9mie vied, prof. Martinom Venhartom.\">9. ro\u010dn\u00edk D\u0148a talianskeho v\u00fdskumu vo svete: stretnutie ve\u013evyslanca De Feliceho s predsedom Slovenskej akad\u00e9mie vied, prof. Martinom Venhartom.<\/a><\/h5>\n                            <p class=\"card-text\">Pri pr\u00edle\u017eitosti 9. ro\u010dn\u00edka D\u0148a talianskeho v\u00fdskumu vo svete sa ve\u013evyslanec De Felice stretol s predsedom Slovenskej akad\u00e9mie vied, prof. Martinom Venhartom, s ktor\u00fdm rokoval o posilnen\u00ed bilater\u00e1lnej spolupr\u00e1ce v oblasti priemyseln\u00fdch aplik\u00e1ci\u00ed v\u00fdskumu a podpore spolo\u010dnej \u00fa\u010dasti na medzin\u00e1rodn\u00fdch programoch, najm\u00e4 v odvetviach STEM. Na z\u00e1ver stretnutia ve\u013evyslanec otvoril \u0161tudijn\u00fd semin\u00e1r ur\u010den\u00fd pre slovensk\u00fdch [&hellip;]<\/p>\n                                <a title=\"9. ro\u010dn\u00edk D\u0148a talianskeho v\u00fdskumu vo svete: stretnutie ve\u013evyslanca De Feliceho s predsedom Slovenskej akad\u00e9mie vied, prof. Martinom Venhartom.\" class=\"read-more\" href=\"https:\/\/ambbratislava.esteri.it\/sk\/news\/dall_ambasciata\/2026\/04\/9-rocnik-dna-talianskeho-vyskumu-vo-svete-stretnutie-velvyslanca-de-feliceho-s-predsedom-slovenskej-akademie-vied-prof-martinom-venhartom\/\">\n                                    <span class=\"text\">Viac<\/span>\n                                    <svg class=\"icon\">\n                                    <use xlink:href=\"https:\/\/ambbratislava.esteri.it\/wp-content\/themes\/sedi-tema\/assets\/svg\/sprites.svg#it-arrow-right\"><\/use>\n                                    <\/svg>\n                                <\/a>\n                                                    <\/div>\n                    <\/div>\n                <\/div>\n                <!--end card-->\n                <\/div><!-- col-12 .mt-3-->\n                            <div class=\"col-12 mt-3\">\n                <!--start card-->\n                <div class=\"card-wrapper card-space\">\n                    <div class=\"card card-bg card-big border-bottom-card\">\n                        <div class=\"card-body \">\n                                                        <div class=\"category-top\">\n                                                                                                            <span class=\"\">\n                                        <svg class=\"icon icon-secondary\">\n                                            <use xlink:href=\"https:\/\/ambbratislava.esteri.it\/wp-content\/themes\/sedi-tema\/assets\/svg\/sprites.svg#it-calendar\"><\/use>\n                                        <\/svg> 16 apr\u00edla 2026                                    <\/span>\n                                                                    <\/div>\n                            <h5 class=\"card-title big-heading text-uppercase\"><a class=\"text-body text-decoration-none\" href=\"https:\/\/ambbratislava.esteri.it\/sk\/news\/dall_ambasciata\/2026\/04\/verejna-vyzva-na-sponzorstvo-aktivity-ktore-talianske-velvyslanectvo-v-bratislave-bude-realizovat-pri-prilezitosti-sviatku-republiky-2026-a-dalsie-propagacne-podujatia-organizovane-zastupit\/\" title=\"Verejn\u00e1 v\u00fdzva na sponzorstvo \u2013 aktivity, ktor\u00e9 Talianske ve\u013evyslanectvo v Bratislave bude realizova\u0165 pri pr\u00edle\u017eitosti Sviatku republiky 2026 a \u010fal\u0161ie propaga\u010dn\u00e9 podujatia organizovan\u00e9 zastupite\u013esk\u00fdm \u00faradom\">Verejn\u00e1 v\u00fdzva na sponzorstvo \u2013 aktivity, ktor\u00e9 Talianske ve\u013evyslanectvo v Bratislave bude realizova\u0165 pri pr\u00edle\u017eitosti Sviatku republiky 2026 a \u010fal\u0161ie propaga\u010dn\u00e9 podujatia organizovan\u00e9 zastupite\u013esk\u00fdm \u00faradom<\/a><\/h5>\n                            <p class=\"card-text\">Talianske ve\u013evyslanectvo v Bratislave m\u00e1 v \u00famysle prostredn\u00edctvom tohto verejn\u00e9ho ozn\u00e1menia a nasleduj\u00facich pr\u00edloh h\u013eada\u0165 sponzorov na realiz\u00e1ciu aktiv\u00edt, ktor\u00e9 sa uskuto\u010dnia pri pr\u00edle\u017eitosti Sviatku republiky 2026 a \u010fal\u0161\u00edch propaga\u010dn\u00fdch iniciat\u00edv organizovan\u00fdch zastupite\u013esk\u00fdm \u00faradom. &nbsp; Pr\u00edloha 1, Verejn\u00e9 ozn\u00e1menie Pr\u00edloha 2, Jednotn\u00fd dokument po\u017eiadaviek (DUR) Pr\u00edloha 3, Inform\u00e1cie o ochrane fyzick\u00fdch os\u00f4b v s\u00favislosti so [&hellip;]<\/p>\n                                <a title=\"Verejn\u00e1 v\u00fdzva na sponzorstvo \u2013 aktivity, ktor\u00e9 Talianske ve\u013evyslanectvo v Bratislave bude realizova\u0165 pri pr\u00edle\u017eitosti Sviatku republiky 2026 a \u010fal\u0161ie propaga\u010dn\u00e9 podujatia organizovan\u00e9 zastupite\u013esk\u00fdm \u00faradom\" class=\"read-more\" href=\"https:\/\/ambbratislava.esteri.it\/sk\/news\/dall_ambasciata\/2026\/04\/verejna-vyzva-na-sponzorstvo-aktivity-ktore-talianske-velvyslanectvo-v-bratislave-bude-realizovat-pri-prilezitosti-sviatku-republiky-2026-a-dalsie-propagacne-podujatia-organizovane-zastupit\/\">\n                                    <span class=\"text\">Viac<\/span>\n                                    <svg class=\"icon\">\n                                    <use xlink:href=\"https:\/\/ambbratislava.esteri.it\/wp-content\/themes\/sedi-tema\/assets\/svg\/sprites.svg#it-arrow-right\"><\/use>\n                                    <\/svg>\n                                <\/a>\n                                                    <\/div>\n                    <\/div>\n                <\/div>\n                <!--end card-->\n                <\/div><!-- col-12 .mt-3-->\n                            <div class=\"col-12 mt-3\">\n                <!--start card-->\n                <div class=\"card-wrapper card-space\">\n                    <div class=\"card card-bg card-big border-bottom-card\">\n                        <div class=\"card-body \">\n                                                        <div class=\"category-top\">\n                                                                                                            <span class=\"\">\n                                        <svg class=\"icon icon-secondary\">\n                                            <use xlink:href=\"https:\/\/ambbratislava.esteri.it\/wp-content\/themes\/sedi-tema\/assets\/svg\/sprites.svg#it-calendar\"><\/use>\n                                        <\/svg> 1 apr\u00edla 2026                                    <\/span>\n                                                                    <\/div>\n                            <h5 class=\"card-title big-heading text-uppercase\"><a class=\"text-body text-decoration-none\" href=\"https:\/\/ambbratislava.esteri.it\/sk\/news\/dall_ambasciata\/2026\/04\/stretnutie-velvyslanca-de-feliceho-s-tajomnickou-pre-cestovny-ruch-janou-stilichovou\/\" title=\"Stretnutie ve\u013evyslanca De Feliceho so \u0161t\u00e1tnou tajomn\u00ed\u010dkou pre cestovn\u00fd ruch Janou \u0160tilichovou\">Stretnutie ve\u013evyslanca De Feliceho so \u0161t\u00e1tnou tajomn\u00ed\u010dkou pre cestovn\u00fd ruch Janou \u0160tilichovou<\/a><\/h5>\n                            <p class=\"card-text\">Ve\u013evyslanec De Felice bol dnes dopoludnia prijat\u00fd \u0161t\u00e1tnou tajomn\u00ed\u010dkou pre cestovn\u00fd ruch SR Janou \u0160tilichovou. Slovensko vn\u00edma Taliansko ako prvotriedneho partnera v oblasti cestovn\u00e9ho ruchu a d\u00fafa, \u017ee v bud\u00facnosti sa podar\u00ed rozvin\u00fa\u0165 nov\u00fa, \u0161trukt\u00farovanej\u0161iu a trvalej\u0161iu spolupr\u00e1cu. Po\u010det Talianov nav\u0161tevuj\u00facich Slovensko sa za posledn\u00fd rok v\u00fdrazne zv\u00fd\u0161il a po\u010det pr\u00edchodov neust\u00e1le rastie. Po\u010das stretnutia [&hellip;]<\/p>\n                                <a title=\"Stretnutie ve\u013evyslanca De Feliceho so \u0161t\u00e1tnou tajomn\u00ed\u010dkou pre cestovn\u00fd ruch Janou \u0160tilichovou\" class=\"read-more\" href=\"https:\/\/ambbratislava.esteri.it\/sk\/news\/dall_ambasciata\/2026\/04\/stretnutie-velvyslanca-de-feliceho-s-tajomnickou-pre-cestovny-ruch-janou-stilichovou\/\">\n                                    <span class=\"text\">Viac<\/span>\n                                    <svg class=\"icon\">\n                                    <use xlink:href=\"https:\/\/ambbratislava.esteri.it\/wp-content\/themes\/sedi-tema\/assets\/svg\/sprites.svg#it-arrow-right\"><\/use>\n                                    <\/svg>\n                                <\/a>\n                                                    <\/div>\n                    <\/div>\n                <\/div>\n                <!--end card-->\n                <\/div><!-- col-12 .mt-3-->\n                            <div class=\"col-12 mt-3\">\n                <!--start card-->\n                <div class=\"card-wrapper card-space\">\n                    <div class=\"card card-bg card-big border-bottom-card\">\n                        <div class=\"card-body \">\n                                                        <div class=\"category-top\">\n                                                                                                            <span class=\"\">\n                                        <svg class=\"icon icon-secondary\">\n                                            <use xlink:href=\"https:\/\/ambbratislava.esteri.it\/wp-content\/themes\/sedi-tema\/assets\/svg\/sprites.svg#it-calendar\"><\/use>\n                                        <\/svg> 25 marca 2026                                    <\/span>\n                                                                    <\/div>\n                            <h5 class=\"card-title big-heading text-uppercase\"><a class=\"text-body text-decoration-none\" href=\"https:\/\/ambbratislava.esteri.it\/sk\/news\/dall_ambasciata\/2026\/03\/oslavy-desiateho-vyrocia-zahajenia-prevadzky-leteckej-spolocnosti-wizzair\/\" title=\"Oslavy desiateho v\u00fdro\u010dia zah\u00e1jenia prev\u00e1dzky leteckej spolo\u010dnosti WizzAir.\">Oslavy desiateho v\u00fdro\u010dia zah\u00e1jenia prev\u00e1dzky leteckej spolo\u010dnosti WizzAir.<\/a><\/h5>\n                            <p class=\"card-text\">Na medzin\u00e1rodnom letisku v Bratislave sa konala ve\u013ek\u00e1 oslava pri pr\u00edle\u017eitosti desiateho v\u00fdro\u010dia zah\u00e1jenia prev\u00e1dzky leteckej spolo\u010dnosti WizzAir, ktor\u00e1 sp\u00e1ja slovensk\u00e9 hlavn\u00e9 mesto s R\u00edmom Fiumicino, Neapolom, Palermom a Lameziou Terme. Ve\u013evyslanec De Felice spolu s \u010fal\u0161\u00edmi ved\u00facimi misie akreditovan\u00fdmi na Slovensku bol priv\u00edtan\u00fd Andr\u00e1som Szab\u00f3m, z\u00e1stupcom leteckej spolo\u010dnosti, a gener\u00e1lnym riadite\u013eom letiska v Bratislave [&hellip;]<\/p>\n                                <a title=\"Oslavy desiateho v\u00fdro\u010dia zah\u00e1jenia prev\u00e1dzky leteckej spolo\u010dnosti WizzAir.\" class=\"read-more\" href=\"https:\/\/ambbratislava.esteri.it\/sk\/news\/dall_ambasciata\/2026\/03\/oslavy-desiateho-vyrocia-zahajenia-prevadzky-leteckej-spolocnosti-wizzair\/\">\n                                    <span class=\"text\">Viac<\/span>\n                                    <svg class=\"icon\">\n                                    <use xlink:href=\"https:\/\/ambbratislava.esteri.it\/wp-content\/themes\/sedi-tema\/assets\/svg\/sprites.svg#it-arrow-right\"><\/use>\n                                    <\/svg>\n                                <\/a>\n                                                    <\/div>\n                    <\/div>\n                <\/div>\n                <!--end card-->\n                <\/div><!-- col-12 .mt-3-->\n                            <div class=\"col-12 mt-3\">\n                <!--start card-->\n                <div class=\"card-wrapper card-space\">\n                    <div class=\"card card-bg card-big border-bottom-card\">\n                        <div class=\"card-body \">\n                                                        <div class=\"category-top\">\n                                                                                                            <span class=\"\">\n                                        <svg class=\"icon icon-secondary\">\n                                            <use xlink:href=\"https:\/\/ambbratislava.esteri.it\/wp-content\/themes\/sedi-tema\/assets\/svg\/sprites.svg#it-calendar\"><\/use>\n                                        <\/svg> 17 marca 2026                                    <\/span>\n                                                                    <\/div>\n                            <h5 class=\"card-title big-heading text-uppercase\"><a class=\"text-body text-decoration-none\" href=\"https:\/\/ambbratislava.esteri.it\/sk\/news\/dall_ambasciata\/2026\/03\/ucast-velvyslanca-de-feliceho-na-slavnostnom-privitani-slovenskych-paralympionikov\/\" title=\"\u00da\u010das\u0165 ve\u013evyslanca De Feliceho na sl\u00e1vnostnom priv\u00edtan\u00ed slovensk\u00fdch paralympionikov\">\u00da\u010das\u0165 ve\u013evyslanca De Feliceho na sl\u00e1vnostnom priv\u00edtan\u00ed slovensk\u00fdch paralympionikov<\/a><\/h5>\n                            <p class=\"card-text\">Ve\u013evyslanec De Felice dnes r\u00e1no vyst\u00fapil na sl\u00e1vnostnom priv\u00edtan\u00ed slovensk\u00fdch \u0161portovcov, ktor\u00ed sa z\u00fa\u010dastnili zimn\u00fdch paralympijsk\u00fdch hier v Mil\u00e1ne a Cortine, ktor\u00e9 usporiadal Slovensk\u00fd paralympijsk\u00fd v\u00fdbor za pr\u00edtomnosti hlavy \u0161t\u00e1tu Petra Pellegriniho, ministra pr\u00e1ce a soci\u00e1lnych vec\u00ed Erika Tom\u00e1\u0161a a \u0161t\u00e1tneho tajomn\u00edka ministerstva cestovn\u00e9ho ruchu a \u0161portu \u0160tefana Engela. Zazneli slov\u00e1 ve\u013ek\u00e9ho uznania za pohostinnos\u0165, [&hellip;]<\/p>\n                                <a title=\"\u00da\u010das\u0165 ve\u013evyslanca De Feliceho na sl\u00e1vnostnom priv\u00edtan\u00ed slovensk\u00fdch paralympionikov\" class=\"read-more\" href=\"https:\/\/ambbratislava.esteri.it\/sk\/news\/dall_ambasciata\/2026\/03\/ucast-velvyslanca-de-feliceho-na-slavnostnom-privitani-slovenskych-paralympionikov\/\">\n                                    <span class=\"text\">Viac<\/span>\n                                    <svg class=\"icon\">\n                                    <use xlink:href=\"https:\/\/ambbratislava.esteri.it\/wp-content\/themes\/sedi-tema\/assets\/svg\/sprites.svg#it-arrow-right\"><\/use>\n                                    <\/svg>\n                                <\/a>\n                                                    <\/div>\n                    <\/div>\n                <\/div>\n                <!--end card-->\n                <\/div><!-- col-12 .mt-3-->\n                            <div class=\"col-12 mt-3\">\n                <!--start card-->\n                <div class=\"card-wrapper card-space\">\n                    <div class=\"card card-bg card-big border-bottom-card\">\n                        <div class=\"card-body \">\n                                                        <div class=\"category-top\">\n                                                                                                            <span class=\"\">\n                                        <svg class=\"icon icon-secondary\">\n                                            <use xlink:href=\"https:\/\/ambbratislava.esteri.it\/wp-content\/themes\/sedi-tema\/assets\/svg\/sprites.svg#it-calendar\"><\/use>\n                                        <\/svg> 12 marca 2026                                    <\/span>\n                                                                    <\/div>\n                            <h5 class=\"card-title big-heading text-uppercase\"><a class=\"text-body text-decoration-none\" href=\"https:\/\/ambbratislava.esteri.it\/sk\/news\/dall_ambasciata\/2026\/03\/talianske-vladne-stipendia-na-akademicky-rok-2026-2027\/\" title=\"Talianske vl\u00e1dne \u0161tipendi\u00e1 na akademick\u00fd rok 2026\/2027\">Talianske vl\u00e1dne \u0161tipendi\u00e1 na akademick\u00fd rok 2026\/2027<\/a><\/h5>\n                            <p class=\"card-text\">Ministerstvo zahrani\u010dn\u00fdch vec\u00ed a medzin\u00e1rodnej spolupr\u00e1ce zverejnilo v\u00fdzvu na predkladanie \u017eiadost\u00ed o \u0161tipendi\u00e1, ktor\u00e9 pon\u00faka talianska vl\u00e1da zahrani\u010dn\u00fdm a talianskym \u0161tudentom \u017eij\u00facim v zahrani\u010d\u00ed na akademick\u00fd rok 2026\/2027; v\u00fdzvu na predkladanie \u017eiadost\u00ed si m\u00f4\u017eete pozrie\u0165 v talian\u010dine kliknut\u00edm sem, v angli\u010dtine kliknut\u00edm sem. V\u0161etky \u017eiadosti musia by\u0165 zaslan\u00e9 v\u00fdlu\u010dne prostredn\u00edctvom port\u00e1lu studyinitaly.esteri.it a musia by\u0165 [&hellip;]<\/p>\n                                <a title=\"Talianske vl\u00e1dne \u0161tipendi\u00e1 na akademick\u00fd rok 2026\/2027\" class=\"read-more\" href=\"https:\/\/ambbratislava.esteri.it\/sk\/news\/dall_ambasciata\/2026\/03\/talianske-vladne-stipendia-na-akademicky-rok-2026-2027\/\">\n                                    <span class=\"text\">Viac<\/span>\n                                    <svg class=\"icon\">\n                                    <use xlink:href=\"https:\/\/ambbratislava.esteri.it\/wp-content\/themes\/sedi-tema\/assets\/svg\/sprites.svg#it-arrow-right\"><\/use>\n                                    <\/svg>\n                                <\/a>\n                                                    <\/div>\n                    <\/div>\n                <\/div>\n                <!--end card-->\n                <\/div><!-- col-12 .mt-3-->\n                            <div class=\"col-12 mt-3\">\n                <!--start card-->\n                <div class=\"card-wrapper card-space\">\n                    <div class=\"card card-bg card-big border-bottom-card\">\n                        <div class=\"card-body \">\n                                                        <div class=\"category-top\">\n                                                                                                            <span class=\"\">\n                                        <svg class=\"icon icon-secondary\">\n                                            <use xlink:href=\"https:\/\/ambbratislava.esteri.it\/wp-content\/themes\/sedi-tema\/assets\/svg\/sprites.svg#it-calendar\"><\/use>\n                                        <\/svg> 9 marca 2026                                    <\/span>\n                                                                    <\/div>\n                            <h5 class=\"card-title big-heading text-uppercase\"><a class=\"text-body text-decoration-none\" href=\"https:\/\/ambbratislava.esteri.it\/sk\/news\/dall_ambasciata\/2026\/03\/navsteva-velvyslanca-de-feliceho-v-europskej-agenture-pre-zamestnanost-ela\/\" title=\"N\u00e1v\u0161teva ve\u013evyslanca De Feliceho v Eur\u00f3pskej agent\u00fare pre zamestnanos\u0165 (ELA)\">N\u00e1v\u0161teva ve\u013evyslanca De Feliceho v Eur\u00f3pskej agent\u00fare pre zamestnanos\u0165 (ELA)<\/a><\/h5>\n                            <p class=\"card-text\">Ve\u013evyslanec De Felice nav\u0161t\u00edvil s\u00eddlo Eur\u00f3pskej agent\u00fary pre zamestnanos\u0165 so s\u00eddlom v\u00a0Bratislave, ktor\u00e1 sa zaober\u00e1 podporou, koordin\u00e1ciou a\u00a0implement\u00e1ciou eur\u00f3pskych predpisov v\u00a0oblasti trhu pr\u00e1ce a\u00a0soci\u00e1lneho zabezpe\u010denia. S\u00a0v\u00fdkonn\u00fdm riadite\u013eom Cosminom Boiangom prebrali hlavn\u00e9 t\u00e9my, ktor\u00fdmi sa \u00farad zaober\u00e1, ale aj\u00a0v\u00fdzvy a perspekt\u00edvy do bud\u00facnosti v\u00a0Eur\u00f3pskej \u00fanii a\u00a0v\u00a0tret\u00edch krajin\u00e1ch. Podrobne sa venovali aj\u00a0mo\u017enostiam spolupr\u00e1ce s\u00a0Talianskom. Ve\u013evyslanec De Felice [&hellip;]<\/p>\n                                <a title=\"N\u00e1v\u0161teva ve\u013evyslanca De Feliceho v Eur\u00f3pskej agent\u00fare pre zamestnanos\u0165 (ELA)\" class=\"read-more\" href=\"https:\/\/ambbratislava.esteri.it\/sk\/news\/dall_ambasciata\/2026\/03\/navsteva-velvyslanca-de-feliceho-v-europskej-agenture-pre-zamestnanost-ela\/\">\n                                    <span class=\"text\">Viac<\/span>\n                                    <svg class=\"icon\">\n                                    <use xlink:href=\"https:\/\/ambbratislava.esteri.it\/wp-content\/themes\/sedi-tema\/assets\/svg\/sprites.svg#it-arrow-right\"><\/use>\n                                    <\/svg>\n                                <\/a>\n                                                    <\/div>\n                    <\/div>\n                <\/div>\n                <!--end card-->\n                <\/div><!-- col-12 .mt-3-->\n                            <div class=\"col-12 mt-3\">\n                <!--start card-->\n                <div class=\"card-wrapper card-space\">\n                    <div class=\"card card-bg card-big border-bottom-card\">\n                        <div class=\"card-body \">\n                                                        <div class=\"category-top\">\n                                                                                                            <span class=\"\">\n                                        <svg class=\"icon icon-secondary\">\n                                            <use xlink:href=\"https:\/\/ambbratislava.esteri.it\/wp-content\/themes\/sedi-tema\/assets\/svg\/sprites.svg#it-calendar\"><\/use>\n                                        <\/svg> 27 febru\u00e1ra 2026                                    <\/span>\n                                                                    <\/div>\n                            <h5 class=\"card-title big-heading text-uppercase\"><a class=\"text-body text-decoration-none\" href=\"https:\/\/ambbratislava.esteri.it\/sk\/news\/dall_ambasciata\/2026\/02\/stretnutie-velvyslanca-de-feliceho-s-ministrom-vnutra-matusom-sutajom-estokom\/\" title=\"Stretnutie ve\u013evyslanca De Feliceho s ministrom vn\u00fatra Mat\u00fa\u0161om \u0160utajom E\u0161tokom\">Stretnutie ve\u013evyslanca De Feliceho s ministrom vn\u00fatra Mat\u00fa\u0161om \u0160utajom E\u0161tokom<\/a><\/h5>\n                            <p class=\"card-text\">Minister vn\u00fatra Mat\u00fa\u0161 \u0160utaj E\u0161tok prijal ve\u013evyslanca De Feliceho, ktor\u00e9ho na stretnut\u00ed sprev\u00e1dzali experti finan\u010dnej a bezpe\u010dnostnej pol\u00edcie akreditovan\u00ed na Slovensku, pplk. Davide Picciafuochi a pplk. Stefano Saccocci. Stredobodom priate\u013esk\u00e9ho rozhovoru bola komplexn\u00e1 spolupr\u00e1ca v oblasti bezpe\u010dnosti, boja proti organizovan\u00e9mu a cezhrani\u010dn\u00e9mu zlo\u010dinu, prevencie finan\u010dn\u00fdch trestn\u00fdch \u010dinov a prania \u0161pinav\u00fdch pe\u0148az\u00ed, ale aj mo\u017en\u00e9 iniciat\u00edvy, [&hellip;]<\/p>\n                                <a title=\"Stretnutie ve\u013evyslanca De Feliceho s ministrom vn\u00fatra Mat\u00fa\u0161om \u0160utajom E\u0161tokom\" class=\"read-more\" href=\"https:\/\/ambbratislava.esteri.it\/sk\/news\/dall_ambasciata\/2026\/02\/stretnutie-velvyslanca-de-feliceho-s-ministrom-vnutra-matusom-sutajom-estokom\/\">\n                                    <span class=\"text\">Viac<\/span>\n                                    <svg class=\"icon\">\n                                    <use xlink:href=\"https:\/\/ambbratislava.esteri.it\/wp-content\/themes\/sedi-tema\/assets\/svg\/sprites.svg#it-arrow-right\"><\/use>\n                                    <\/svg>\n                                <\/a>\n                                                    <\/div>\n                    <\/div>\n                <\/div>\n                <!--end card-->\n                <\/div><!-- col-12 .mt-3-->\n                            <div class=\"col-12 mt-3\">\n                <!--start card-->\n                <div class=\"card-wrapper card-space\">\n                    <div class=\"card card-bg card-big border-bottom-card\">\n                        <div class=\"card-body \">\n                                                        <div class=\"category-top\">\n                                                                                                            <span class=\"\">\n                                        <svg class=\"icon icon-secondary\">\n                                            <use xlink:href=\"https:\/\/ambbratislava.esteri.it\/wp-content\/themes\/sedi-tema\/assets\/svg\/sprites.svg#it-calendar\"><\/use>\n                                        <\/svg> 24 febru\u00e1ra 2026                                    <\/span>\n                                                                    <\/div>\n                            <h5 class=\"card-title big-heading text-uppercase\"><a class=\"text-body text-decoration-none\" href=\"https:\/\/ambbratislava.esteri.it\/sk\/news\/dall_ambasciata\/2026\/02\/spomienkove-podujatie-venovane-obetiam-rusko-ukrajinskeho-konfliktu\/\" title=\"Spomienkov\u00e9 podujatie venovan\u00e9 obetiam rusko-ukrajinsk\u00e9ho konfliktu\">Spomienkov\u00e9 podujatie venovan\u00e9 obetiam rusko-ukrajinsk\u00e9ho konfliktu<\/a><\/h5>\n                            <p class=\"card-text\">Dnes r\u00e1no na Ve\u013evyslanectve Ukrajiny v SR ved\u00faci misi\u00ed akreditovan\u00ed v Bratislave si pri pr\u00edle\u017eitosti \u0161tvrt\u00e9ho v\u00fdro\u010dia ruskej agresie proti Ukrajine pripomenuli a vzdali \u00factu jej obetiam.<\/p>\n                                <a title=\"Spomienkov\u00e9 podujatie venovan\u00e9 obetiam rusko-ukrajinsk\u00e9ho konfliktu\" class=\"read-more\" href=\"https:\/\/ambbratislava.esteri.it\/sk\/news\/dall_ambasciata\/2026\/02\/spomienkove-podujatie-venovane-obetiam-rusko-ukrajinskeho-konfliktu\/\">\n                                    <span class=\"text\">Viac<\/span>\n                                    <svg class=\"icon\">\n                                    <use xlink:href=\"https:\/\/ambbratislava.esteri.it\/wp-content\/themes\/sedi-tema\/assets\/svg\/sprites.svg#it-arrow-right\"><\/use>\n                                    <\/svg>\n                                <\/a>\n                                                    <\/div>\n                    <\/div>\n                <\/div>\n                <!--end card-->\n                <\/div><!-- col-12 .mt-3-->\n            \n            <div class=\"col-md-12 mt-4 pb-4\">\n                <nav class=\"navigation col-md-12\" aria-label=\"Navigation\">\n                    <h2 class=\"screen-reader-text visually-hidden\">Pagination<\/h2>\n                    <div class=\"nav-links\">\n                    <span aria-current=\"page\" class=\"page-numbers current\">1<\/span>\n<a class=\"page-numbers\" href=\"https:\/\/ambbratislava.esteri.it\/sk\/wp-json\/wp\/v2\/pages\/201\/?pag=2\">2<\/a>\n<a class=\"page-numbers\" href=\"https:\/\/ambbratislava.esteri.it\/sk\/wp-json\/wp\/v2\/pages\/201\/?pag=3\">3<\/a>\n<span class=\"page-numbers dots\">&hellip;<\/span>\n<a class=\"page-numbers\" href=\"https:\/\/ambbratislava.esteri.it\/sk\/wp-json\/wp\/v2\/pages\/201\/?pag=36\">36<\/a>\n<a class=\"next page-numbers\" href=\"https:\/\/ambbratislava.esteri.it\/sk\/wp-json\/wp\/v2\/pages\/201\/?pag=2\"><svg class=\"icon icon-primary\"><use xlink:href=\"https:\/\/ambbratislava.esteri.it\/wp-content\/themes\/sedi-tema\/assets\/svg\/sprites.svg#it-chevron-right\"><\/use><\/svg>\n                                    <span class=\"visually-hidden\">Pagina successiva<\/span><\/a>                    <\/div>\n                <\/nav>\n            <\/div>   <!--.col-md-12 -->\n              <\/div><!--.row -->\n              \n","protected":false},"excerpt":{"rendered":"","protected":false},"author":1,"featured_media":0,"parent":0,"menu_order":8,"comment_status":"closed","ping_status":"closed","template":"","meta":{"footnotes":""},"class_list":["post-201","page","type-page","status-publish","hentry"],"_links":{"self":[{"href":"https:\/\/ambbratislava.esteri.it\/sk\/wp-json\/wp\/v2\/pages\/201","targetHints":{"allow":["GET"]}}],"collection":[{"href":"https:\/\/ambbratislava.esteri.it\/sk\/wp-json\/wp\/v2\/pages"}],"about":[{"href":"https:\/\/ambbratislava.esteri.it\/sk\/wp-json\/wp\/v2\/types\/page"}],"author":[{"embeddable":true,"href":"https:\/\/ambbratislava.esteri.it\/sk\/wp-json\/wp\/v2\/users\/1"}],"replies":[{"embeddable":true,"href":"https:\/\/ambbratislava.esteri.it\/sk\/wp-json\/wp\/v2\/comments?post=201"}],"version-history":[{"count":2,"href":"https:\/\/ambbratislava.esteri.it\/sk\/wp-json\/wp\/v2\/pages\/201\/revisions"}],"predecessor-version":[{"id":3118,"href":"https:\/\/ambbratislava.esteri.it\/sk\/wp-json\/wp\/v2\/pages\/201\/revisions\/3118"}],"wp:attachment":[{"href":"https:\/\/ambbratislava.esteri.it\/sk\/wp-json\/wp\/v2\/media?parent=201"}],"curies":[{"name":"wp","href":"https:\/\/api.w.org\/{rel}","templated":true}]}}